{"id":381,"date":"2016-05-23T18:18:36","date_gmt":"2016-05-23T16:18:36","guid":{"rendered":"http:\/\/acmne.ch\/site\/?page_id=381"},"modified":"2020-02-11T18:21:03","modified_gmt":"2020-02-11T17:21:03","slug":"politique-de-gestion-des-locaux","status":"publish","type":"page","link":"https:\/\/acmne.ch\/site\/politique-de-gestion-des-locaux\/","title":{"rendered":"Politique de gestion des locaux"},"content":{"rendered":"<p>&nbsp;<\/p>\n<p>Louange \u00e0 Dieu, pri\u00e8re et salut sur le proph\u00e8te Mohamed, sa famille et ses compagnons.<\/p>\n<ul>\n<li><u>Pr\u00e9ambule :<\/u><\/li>\n<\/ul>\n<p>L\u2019ACMNE se veut un lieu convivial, ouvert et vivant. Un lieu d\u2019\u00e9ducation et de culture. Pour donner une dynamique \u00e0 la communaut\u00e9 musulmane du canton de Neuch\u00e2tel et leur fournir les moyens d\u2019accomplir au mieux ces objectifs, nous nous sommes propos\u00e9 d\u2019\u00e9tablir une politique claire et transparente de gestion des locaux de l\u2019ACMNE.<\/p>\n<ul>\n<li><u>Objectifs :<\/u><\/li>\n<\/ul>\n<ol>\n<li>Promouvoir les activit\u00e9s culturelles et \u00e9ducatives au sein de la communaut\u00e9 en mettant \u00e0 sa disposition un espace de travail ad\u00e9quat et bien am\u00e9nag\u00e9.<\/li>\n<li>Faire des locaux de l\u2019ACMNE un lieu d\u2019\u00e9change et de partage.<\/li>\n<li>Encourager tous les individus, les groupes et les associations de la communaut\u00e9 \u00e0 se rendre \u00e0 nos locaux et d\u2019en tirer profits.<\/li>\n<li>Assurer une meilleure gestion des locaux avec un acc\u00e8s \u00e9quitable et organis\u00e9.<\/li>\n<\/ol>\n<ul>\n<li><u>D\u00e9finition :<\/u><\/li>\n<\/ul>\n<p>Est consid\u00e9r\u00e9e comme une activit\u00e9, toute r\u00e9union de personnes r\u00e9guli\u00e8res ou non au sein des locaux de l\u2019ACMNE quel que soit son objectif (\u00e9ducatif, culturel, repas, f\u00eates et autres\u2026) Les locaux qui peuvent \u00eatre mis \u00e0 disposition sont :<\/p>\n<ul>\n<li>Les deux salles de pri\u00e8re<\/li>\n<li>La salle polyvalente<\/li>\n<li>Le galetas (Pour des activit\u00e9s ne d\u00e9passant pas les 10 personnes)<\/li>\n<li>La cuisine<\/li>\n<li>Le bureau de l\u2019administration (Si tous les pr\u00e9c\u00e9dents locaux sont occup\u00e9s)<\/li>\n<\/ul>\n<p>Dans une sph\u00e8re d\u2019ordre priv\u00e9e (mariage, naissance ou autres \u00e9v\u00e8nements), l\u2019ACMNE loue les locaux et son mat\u00e9riel selon les dispositions suivantes :<\/p>\n<ul>\n<li>Cuisine (100 CHF \/ demi-journ\u00e9e)<\/li>\n<li>Salle polyvalente (25 CHF \/ heure)<\/li>\n<li>Sono Yamaha, micro et amplificateur (200 CHF 2 jours)<\/li>\n<li>Ustensiles de cuisine (100 CHF 2 jours)<\/li>\n<li>Beamer (50 CHF la journ\u00e9e)<\/li>\n<\/ul>\n<p><strong>GRATUIT POUR LES\u00a0<\/strong><b>MEMBRES<\/b><\/p>\n<ul>\n<li><u>R\u00e8glement :<\/u><\/li>\n<li>Le responsable de l\u2019activit\u00e9 doit pr\u00e9ciser la date et l\u2019horaire souhait\u00e9, du local qui sera occup\u00e9 et des objectifs de l\u2019activit\u00e9 via un <a href=\"https:\/\/acmne.ch\/site\/wp-content\/uploads\/2019\/01\/0_Formulaire_Activit\u00e9-Location.pdf\"><u>formulaire d\u2019activit\u00e9<\/u><\/a> (\u00e0 demander au bureau) destin\u00e9 \u00e0 cet effet.<\/li>\n<li>Toute demande de mat\u00e9riel doit \u00eatre formul\u00e9e au moins 72 heures avant l\u2019activit\u00e9 en question.<\/li>\n<li>Tous mat\u00e9riels consommables sont \u00e0 la charge de l\u2019organisateur de l\u2019activit\u00e9 (couverts plastiques, sacs poubelles gris, gaz, etc\u2026).<\/li>\n<li>Apr\u00e8s accomplissement de l\u2019activit\u00e9, les locaux doivent \u00eatre remis propres et en ordre.<\/li>\n<li>Quelques soit le cadre, le responsable de l\u2019activit\u00e9 s\u2019engage \u00e0 d\u00e9poser une caution de 200 CHF, \u00e0 titre de garantie. En cas d\u2019\u00e9ventuels d\u00e9g\u00e2ts, elle servira pr\u00e9alablement \u00e0 la remise en \u00e9tat ou aux nettoyages compl\u00e9mentaires.<\/li>\n<\/ul>\n<ul>\n<li>Toute activit\u00e9 doit obtenir un accord pr\u00e9alable de la part de l\u2019administration de l\u2019ACMNE.<\/li>\n<li>L\u2019administration s\u2019engage \u00e0 mettre \u00e0 disposition, dans la mesure du possible, les moyens et les conditions ad\u00e9quats pour le bon d\u00e9roulement des activit\u00e9s.<\/li>\n<li>L\u2019administration de l\u2019ACMNE s\u2019engage \u00e0 fournir un planning d\u2019occupation des locaux de l\u2019ACMNE qui sera mis \u00e0 jour r\u00e9guli\u00e8rement. Cela implique n\u00e9cessairement une collaboration \u00e9troite des diff\u00e9rents responsables d\u2019activit\u00e9 pour transmettre tous changements relatifs \u00e0 leurs activit\u00e9s.<\/li>\n<li>Seront prioritaires pour l\u2019attribution des locaux, les groupes ayant des activit\u00e9s d\u00e9j\u00e0 mis en place et les membres de l\u2019ACMNE.<\/li>\n<li>L\u2019administration de l\u2019ACMNE se r\u00e9serve le droit de refuser la tenue de toute activit\u00e9 qui ne respecte pas les objectifs de l\u2019ACMNE d\u00e9taill\u00e9s dans le chapitre II (Article 1 et 2) du statut de l\u2019association (et\/ou) des proc\u00e9dures d\u00e9taill\u00e9es ci-dessus.<\/li>\n<\/ul>\n<p>&nbsp;<\/p>\n<p>Direction de l\u2019ACMNE<\/p>\n","protected":false},"excerpt":{"rendered":"<p>&nbsp; Louange \u00e0 Dieu, pri\u00e8re et salut sur le proph\u00e8te Mohamed, sa famille et ses compagnons. Pr\u00e9ambule : L\u2019ACMNE se veut un lieu convivial, ouvert et vivant. Un lieu d\u2019\u00e9ducation et de culture. Pour donner une dynamique \u00e0 la communaut\u00e9 musulmane du canton de Neuch\u00e2tel et leur fournir les moyens d\u2019accomplir au mieux ces objectifs, [&hellip;]<\/p>\n","protected":false},"author":3,"featured_media":0,"parent":0,"menu_order":0,"comment_status":"closed","ping_status":"closed","template":"","meta":{"footnotes":""},"class_list":["post-381","page","type-page","status-publish","hentry"],"_links":{"self":[{"href":"https:\/\/acmne.ch\/site\/wp-json\/wp\/v2\/pages\/381","targetHints":{"allow":["GET"]}}],"collection":[{"href":"https:\/\/acmne.ch\/site\/wp-json\/wp\/v2\/pages"}],"about":[{"href":"https:\/\/acmne.ch\/site\/wp-json\/wp\/v2\/types\/page"}],"author":[{"embeddable":true,"href":"https:\/\/acmne.ch\/site\/wp-json\/wp\/v2\/users\/3"}],"replies":[{"embeddable":true,"href":"https:\/\/acmne.ch\/site\/wp-json\/wp\/v2\/comments?post=381"}],"version-history":[{"count":12,"href":"https:\/\/acmne.ch\/site\/wp-json\/wp\/v2\/pages\/381\/revisions"}],"predecessor-version":[{"id":1887,"href":"https:\/\/acmne.ch\/site\/wp-json\/wp\/v2\/pages\/381\/revisions\/1887"}],"wp:attachment":[{"href":"https:\/\/acmne.ch\/site\/wp-json\/wp\/v2\/media?parent=381"}],"curies":[{"name":"wp","href":"https:\/\/api.w.org\/{rel}","templated":true}]}}